{"id":68927,"date":"2024-05-16T10:00:20","date_gmt":"2024-05-16T14:00:20","guid":{"rendered":"https:\/\/www.nosm.ca\/?page_id=68927"},"modified":"2026-01-14T14:31:02","modified_gmt":"2026-01-14T19:31:02","slug":"black-admission-stream","status":"publish","type":"page","link":"https:\/\/www.nosm.ca\/fr\/nosm-university-admissions-learner-recruitment\/ume-program-md-degree-admissions\/admission-streams\/black-admission-stream\/","title":{"rendered":"Volet d\u2019admission des personnes noires"},"content":{"rendered":"<p><strong>Les candidatures pr\u00e9sent\u00e9es dans le volet des admissions des personnes noires doivent r\u00e9pondre aux crit\u00e8res d\u2019admission et de candidature indiqu\u00e9es dans la section\u00a0<\/strong><a href=\"https:\/\/www.nosm.ca\/nosm-university-admissions-learner-recruitment\/ume-program-md-degree-admissions\/application-information-requirements\/\"><strong>Renseignements sur les demandes et crit\u00e8res d\u2019admission<\/strong><\/a>\u00a0<strong>et contenir toute la documentation requise afin d\u2019\u00eatre prises en consid\u00e9ration.<\/strong><\/p>\n<p>Le Volet des admissions des personnes noires est un volet optionnel de demande d\u2019admission de citoyennes et citoyens canadiens et de r\u00e9sidentes et r\u00e9sidents permanents qui se d\u00e9finissent comme Noirs (d\u2019origine africaine, afro-carib\u00e9enne, afro-nord-am\u00e9ricaine ou d\u2019origine mixte) et qui se d\u00e9finissent par leur ascendance noire.<\/p>\n<ol>\n<li>Se d\u00e9finir comme Noires et poser leur candidature dans le volet g\u00e9n\u00e9ral des admissions seulement, ou<\/li>\n<li>Poser leur candidature dans le volet des admissions des personnes noires.<\/li>\n<\/ol>\n<p>Le Sous-comit\u00e9 des admissions des personnes noires examine les documents requis de toutes les personnes qui pr\u00e9sentent leur candidature dans le volet des admissions des personnes noires et sont invit\u00e9es \u00e0 une entrevue.<\/p>\n<p>Si vous ne r\u00e9pondez pas aux exigences ou ne pr\u00e9sentez pas toute la documentation requise \u00e0 l\u2019appui de votre candidature dans le volet des admissions des personnes noires, elle sera examin\u00e9e dans le volet g\u00e9n\u00e9ral des admissions.<\/p>\n<p>Les personnes qui veulent se d\u00e9finir comme Noires mais ne pr\u00e9sentent pas leur candidature dans le volet des admissions des personnes noires ne sont pas tenues de fournir de la documentation et leur candidature ne sera pas examin\u00e9e dans ce volet.<\/p>\n<h2><strong>Crit\u00e8res d\u2019admission dans le Volet des admissions des personnes noires<\/strong><\/h2>\n<hr \/>\n<p>Le Volet des admissions des personnes noires est un volet optionnel de demande d\u2019admission de citoyens canadiens et des r\u00e9sidents permanents qui se d\u00e9finissent comme Noirs (d\u2019origine africaine, afro-carib\u00e9enne, afro-nord-am\u00e9ricaine ou d\u2019origine mixte) et qui se d\u00e9finissent par leur ascendance noire.<\/p>\n<p>Pour poser sa candidature dans le Volet des admissions des personnes noires, il faut pr\u00e9senter les documents suivants\u00a0:<\/p>\n<div>\n<div class='accordion' data-autoclose='true'>\n<div>\n<div class='accordion-item closed'>\n<h3 class='accordion-title'>Composition<\/h3>\n<div class='accordion-content'>\nDans une d\u00e9claration personnelle de 250 \u00e0 500 mots, d\u00e9crivez vos origines ethnoraciales et comment vos perspectives, accomplissements et exp\u00e9riences uniques en tant que personne noire ou noire multiraciale qui se d\u00e9finit par son identit\u00e9 de personne noire, vous ont motiv\u00e9.e \u00e0 poser votre candidature dans le Volet des admissions des personnes noires. Nous vous encourageons fortement \u00e0 mettre en \u00e9vidence comment ces aspects de votre identit\u00e9 de personne noire ont influenc\u00e9 votre v\u00e9cu et fa\u00e7onn\u00e9 vos buts et aspirations.\n<\/div>\n<\/div>\n<div class='accordion-item closed'>\n<h3 class='accordion-title'>Lettre de recommandation<\/h3>\n<div class='accordion-content'>\n<p>Vous devez fournir une lettre de recommandation attestant de votre lien avec la communaut\u00e9 noire. Cette lettre peut provenir d\u2019une des personnes suivantes : organisateur de la communaut\u00e9 noire, membre ou dirigeant\/membre du conseil d\u2019administration d\u2019un organisme dirig\u00e9 par des personnes noires, chef religieux, professeur de langue, membre d\u2019une \u00e9quipe sportive organis\u00e9e\/dirig\u00e9e par des personnes noires.<\/p>\n<p>L\u2019auteur de cette lettre devrait conna\u00eetre vos liens avec la communaut\u00e9 noire et vos contributions. Vous devriez choisir quelqu\u2019un qui vous conna\u00eet bien et peut parler de vos liens. La lettre ne devrait pas provenir d\u2019un membre de votre famille.<\/p>\n<p>Dans sa lettre, cette personne devrait indiquer :<br \/>\n\u2022 son nom au complet;<br \/>\n\u2022 son titre;<br \/>\n\u2022 son adresse;<br \/>\n\u2022 son num\u00e9ro de t\u00e9l\u00e9phone;<br \/>\n\u2022 son adresse \u00e9lectronique.<\/p>\n<p>ET<\/p>\n<p>r\u00e9pondre aux questions suivantes :<br \/>\n\u2022 Quelle est votre relation avec la candidate ou le candidat?<br \/>\n\u2022 Quel est votre r\u00f4le dans la communaut\u00e9 noire?<br \/>\n\u2022 \u00c0 quel titre connaissez-vous la candidate ou le candidat?<br \/>\n\u2022 Depuis combien d\u2019ann\u00e9es connaissez-vous la candidate ou le candidat?<br \/>\n\u2022 D\u00e9crivez la ou les activit\u00e9s qui appuient le lien et l\u2019engagement de la candidate ou du candidat dans la communaut\u00e9 noire. Incluez des d\u00e9tails comme la nature de l\u2019activit\u00e9, la fr\u00e9quence (quotidienne, hebdomadaire, etc.) ainsi que la dur\u00e9e de cette ou ces activit\u00e9s.<\/p>\n<p><strong>REMARQUE : Nous acceptons une (1) seule lettre de recommandation.<\/strong><\/p>\n<\/div>\n<\/div>\n<\/div>\n<\/div>\n<\/div>\n<p><strong>Les personnes d\u00e9sireuses de poser leur candidature dans le Volet des admissions des personnes noires doivent transmettre la composition et la lettre de recommandation \u00e0 l\u2019OMSAS au moyen de la Messagerie s\u00e9curis\u00e9e pour candidates et candidats (SAM) avant\u00a0la\u00a0<a href=\"https:\/\/www.ouac.on.ca\/fr\/guide\/omsas-dates\/\">date limite de d\u00e9p\u00f4t des candidatures<\/a><\/strong><strong>.<\/strong><\/p>","protected":false},"excerpt":{"rendered":"<p>Les candidatures pr\u00e9sent\u00e9es dans le volet des admissions des personnes noires doivent r\u00e9pondre aux crit\u00e8res d\u2019admission et de candidature indiqu\u00e9es dans la section\u00a0Renseignements sur les demandes et crit\u00e8res d\u2019admission\u00a0et contenir toute la documentation requise afin d\u2019\u00eatre prises en consid\u00e9ration. Le Volet des admissions des personnes noires est un volet optionnel de demande d\u2019admission de citoyennes &hellip; <a href=\"https:\/\/www.nosm.ca\/fr\/nosm-university-admissions-learner-recruitment\/ume-program-md-degree-admissions\/admission-streams\/black-admission-stream\/\" class=\"more-link\">Continue reading <span class=\"screen-reader-text\">Volet d\u2019admission des personnes noires<\/span> <span class=\"meta-nav\">&rarr;<\/span><\/a><\/p>\n","protected":false},"author":43,"featured_media":0,"parent":52206,"menu_order":4,"comment_status":"closed","ping_status":"closed","template":"page-templates\/quick-links-2.php","meta":{"_acf_changed":false,"footnotes":""},"class_list":["post-68927","page","type-page","status-publish","hentry"],"acf":[],"_links":{"self":[{"href":"https:\/\/www.nosm.ca\/fr\/wp-json\/wp\/v2\/pages\/68927","targetHints":{"allow":["GET"]}}],"collection":[{"href":"https:\/\/www.nosm.ca\/fr\/wp-json\/wp\/v2\/pages"}],"about":[{"href":"https:\/\/www.nosm.ca\/fr\/wp-json\/wp\/v2\/types\/page"}],"author":[{"embeddable":true,"href":"https:\/\/www.nosm.ca\/fr\/wp-json\/wp\/v2\/users\/43"}],"replies":[{"embeddable":true,"href":"https:\/\/www.nosm.ca\/fr\/wp-json\/wp\/v2\/comments?post=68927"}],"version-history":[{"count":32,"href":"https:\/\/www.nosm.ca\/fr\/wp-json\/wp\/v2\/pages\/68927\/revisions"}],"predecessor-version":[{"id":82340,"href":"https:\/\/www.nosm.ca\/fr\/wp-json\/wp\/v2\/pages\/68927\/revisions\/82340"}],"up":[{"embeddable":true,"href":"https:\/\/www.nosm.ca\/fr\/wp-json\/wp\/v2\/pages\/52206"}],"wp:attachment":[{"href":"https:\/\/www.nosm.ca\/fr\/wp-json\/wp\/v2\/media?parent=68927"}],"curies":[{"name":"wp","href":"https:\/\/api.w.org\/{rel}","templated":true}]}}